{"id":368,"date":"2014-03-05T21:02:17","date_gmt":"2014-03-05T20:02:17","guid":{"rendered":"http:\/\/brassband-npdc.fr\/?page_id=368"},"modified":"2019-10-19T05:54:55","modified_gmt":"2019-10-19T04:54:55","slug":"directeur-musical","status":"publish","type":"page","link":"https:\/\/hautsdefrance-brassband.fr\/?page_id=368","title":{"rendered":"Direction Musicale"},"content":{"rendered":"\t\t<div data-elementor-type=\"wp-page\" data-elementor-id=\"368\" class=\"elementor elementor-368\" data-elementor-post-type=\"page\">\n\t\t\t\t\t\t<section class=\"elementor-section elementor-top-section elementor-element elementor-element-e35fcad elementor-section-boxed elementor-section-height-default elementor-section-height-default\" data-id=\"e35fcad\" data-element_type=\"section\">\n\t\t\t\t\t\t<div class=\"elementor-container elementor-column-gap-default\">\n\t\t\t\t\t<div class=\"elementor-column elementor-col-100 elementor-top-column elementor-element elementor-element-b0751a1\" data-id=\"b0751a1\" data-element_type=\"column\">\n\t\t\t<div class=\"elementor-widget-wrap elementor-element-populated\">\n\t\t\t\t\t\t<div class=\"elementor-element elementor-element-f3945f4 elementor-widget elementor-widget-heading\" data-id=\"f3945f4\" data-element_type=\"widget\" data-widget_type=\"heading.default\">\n\t\t\t\t<div class=\"elementor-widget-container\">\n\t\t\t<h2 class=\"elementor-heading-title elementor-size-default\">Direction Musicale<\/h2>\t\t<\/div>\n\t\t\t\t<\/div>\n\t\t\t\t\t<\/div>\n\t\t<\/div>\n\t\t\t\t\t<\/div>\n\t\t<\/section>\n\t\t\t\t<section class=\"elementor-section elementor-top-section elementor-element elementor-element-2b19476 elementor-section-boxed elementor-section-height-default elementor-section-height-default\" data-id=\"2b19476\" data-element_type=\"section\">\n\t\t\t\t\t\t<div class=\"elementor-container elementor-column-gap-default\">\n\t\t\t\t\t<div class=\"elementor-column elementor-col-100 elementor-top-column elementor-element elementor-element-b0dc0ea\" data-id=\"b0dc0ea\" data-element_type=\"column\">\n\t\t\t<div class=\"elementor-widget-wrap elementor-element-populated\">\n\t\t\t\t\t\t<div class=\"elementor-element elementor-element-c7140ab elementor-widget elementor-widget-shortcode\" data-id=\"c7140ab\" data-element_type=\"widget\" data-widget_type=\"shortcode.default\">\n\t\t\t\t<div class=\"elementor-widget-container\">\n\t\t\t\t\t<div class=\"elementor-shortcode\"><div class=\"display-posts-listing image-top\"><div class=\"listing-item\"><span class=\"image\"><img loading=\"lazy\" decoding=\"async\" width=\"640\" height=\"453\" src=\"https:\/\/hautsdefrance-brassband.fr\/wp-content\/uploads\/2019\/10\/Luc-Vertomen-1024x724.png\" class=\"attachment-large size-large wp-post-image\" alt=\"\" srcset=\"https:\/\/hautsdefrance-brassband.fr\/wp-content\/uploads\/2019\/10\/Luc-Vertomen.png 1024w, https:\/\/hautsdefrance-brassband.fr\/wp-content\/uploads\/2019\/10\/Luc-Vertomen-300x212.png 300w, https:\/\/hautsdefrance-brassband.fr\/wp-content\/uploads\/2019\/10\/Luc-Vertomen-768x543.png 768w, https:\/\/hautsdefrance-brassband.fr\/wp-content\/uploads\/2019\/10\/Luc-Vertomen-450x318.png 450w\" sizes=\"(max-width: 34.9rem) calc(100vw - 2rem), (max-width: 53rem) calc(8 * (100vw \/ 12)), (min-width: 53rem) calc(6 * (100vw \/ 12)), 100vw\" \/><\/span> <span class=\"title\">Luc Vertommen<\/span><div class=\"content\"><p>Luc Vertommen est n\u00e9 \u00e0 Leest (Malines, Belgique) o\u00f9 il a eu ses premi\u00e8res exp\u00e9riences musicales au sein de l\u2019orchestre municipal.\u00a0 Il a \u00e9tudi\u00e9 le cornet, le solf\u00e8ge et le piano aux conservatoires de Malines et de Willebrouck.\u00a0 Ses \u00e9tudes musicales l\u2019ont ensuite men\u00e9 au conservatoire de Louvain (<em>Lemmensinstitute<\/em>), o\u00f9 il fut triplement dipl\u00f4m\u00e9 en trompette, histoire de la musique et direction d\u2019orchestre.\u00a0 Il a \u00e9galement obtenu un premier prix de musique de chambre du conservatoire royal de Bruxelles ainsi qu\u2019un Master de direction d\u2019orchestre et un Doctorat en art musical de l\u2019universit\u00e9 de Salford (Manchester, Royaume-Uni). Il s\u2019est enti\u00e8rement consacr\u00e9 \u00e0 la pratique musicale au sein des orchestres \u00e0 vent en tant que professeur, musicien, chef d\u2019orchestre, arrangeur et compositeur.<\/p>\n<div id='gallery-1' class='gallery galleryid-2077 gallery-columns-3 gallery-size-medium'><figure class='gallery-item'>\n\t\t\t<div class='gallery-icon landscape'>\n\t\t\t\t<a href='https:\/\/hautsdefrance-brassband.fr\/wp-content\/uploads\/2022\/02\/img_0613_51751934477_o.jpg'><img fetchpriority=\"high\" fetchpriority=\"high\" decoding=\"async\" width=\"300\" height=\"200\" src=\"https:\/\/hautsdefrance-brassband.fr\/wp-content\/uploads\/2022\/02\/img_0613_51751934477_o-300x200.jpg\" class=\"attachment-medium size-medium\" alt=\"\" srcset=\"https:\/\/hautsdefrance-brassband.fr\/wp-content\/uploads\/2022\/02\/img_0613_51751934477_o-300x200.jpg 300w, https:\/\/hautsdefrance-brassband.fr\/wp-content\/uploads\/2022\/02\/img_0613_51751934477_o-768x512.jpg 768w, https:\/\/hautsdefrance-brassband.fr\/wp-content\/uploads\/2022\/02\/img_0613_51751934477_o-450x300.jpg 450w, https:\/\/hautsdefrance-brassband.fr\/wp-content\/uploads\/2022\/02\/img_0613_51751934477_o.jpg 800w\" sizes=\"(max-width: 34.9rem) calc(100vw - 2rem), (max-width: 53rem) calc(8 * (100vw \/ 12)), (min-width: 53rem) calc(6 * (100vw \/ 12)), 100vw\" \/><\/a>\n\t\t\t<\/div><\/figure><figure class='gallery-item'>\n\t\t\t<div class='gallery-icon landscape'>\n\t\t\t\t<a href='https:\/\/hautsdefrance-brassband.fr\/wp-content\/uploads\/2022\/02\/img_0872_51753005843_o.jpg'><img decoding=\"async\" width=\"300\" height=\"200\" src=\"https:\/\/hautsdefrance-brassband.fr\/wp-content\/uploads\/2022\/02\/img_0872_51753005843_o-300x200.jpg\" class=\"attachment-medium size-medium\" alt=\"\" srcset=\"https:\/\/hautsdefrance-brassband.fr\/wp-content\/uploads\/2022\/02\/img_0872_51753005843_o-300x200.jpg 300w, https:\/\/hautsdefrance-brassband.fr\/wp-content\/uploads\/2022\/02\/img_0872_51753005843_o-768x512.jpg 768w, https:\/\/hautsdefrance-brassband.fr\/wp-content\/uploads\/2022\/02\/img_0872_51753005843_o-450x300.jpg 450w, https:\/\/hautsdefrance-brassband.fr\/wp-content\/uploads\/2022\/02\/img_0872_51753005843_o.jpg 800w\" sizes=\"(max-width: 34.9rem) calc(100vw - 2rem), (max-width: 53rem) calc(8 * (100vw \/ 12)), (min-width: 53rem) calc(6 * (100vw \/ 12)), 100vw\" \/><\/a>\n\t\t\t<\/div><\/figure><figure class='gallery-item'>\n\t\t\t<div class='gallery-icon landscape'>\n\t\t\t\t<a href='https:\/\/hautsdefrance-brassband.fr\/wp-content\/uploads\/2022\/02\/img_0453_51752817876_o.jpg'><img decoding=\"async\" width=\"300\" height=\"200\" src=\"https:\/\/hautsdefrance-brassband.fr\/wp-content\/uploads\/2022\/02\/img_0453_51752817876_o-300x200.jpg\" class=\"attachment-medium size-medium\" alt=\"\" srcset=\"https:\/\/hautsdefrance-brassband.fr\/wp-content\/uploads\/2022\/02\/img_0453_51752817876_o-300x200.jpg 300w, https:\/\/hautsdefrance-brassband.fr\/wp-content\/uploads\/2022\/02\/img_0453_51752817876_o-768x512.jpg 768w, https:\/\/hautsdefrance-brassband.fr\/wp-content\/uploads\/2022\/02\/img_0453_51752817876_o-450x300.jpg 450w, https:\/\/hautsdefrance-brassband.fr\/wp-content\/uploads\/2022\/02\/img_0453_51752817876_o.jpg 800w\" sizes=\"(max-width: 34.9rem) calc(100vw - 2rem), (max-width: 53rem) calc(8 * (100vw \/ 12)), (min-width: 53rem) calc(6 * (100vw \/ 12)), 100vw\" \/><\/a>\n\t\t\t<\/div><\/figure><figure class='gallery-item'>\n\t\t\t<div class='gallery-icon landscape'>\n\t\t\t\t<a href='https:\/\/hautsdefrance-brassband.fr\/wp-content\/uploads\/2022\/02\/img_0674_51753023123_o.jpg'><img loading=\"lazy\" loading=\"lazy\" decoding=\"async\" width=\"300\" height=\"200\" src=\"https:\/\/hautsdefrance-brassband.fr\/wp-content\/uploads\/2022\/02\/img_0674_51753023123_o-300x200.jpg\" class=\"attachment-medium size-medium\" alt=\"\" srcset=\"https:\/\/hautsdefrance-brassband.fr\/wp-content\/uploads\/2022\/02\/img_0674_51753023123_o-300x200.jpg 300w, https:\/\/hautsdefrance-brassband.fr\/wp-content\/uploads\/2022\/02\/img_0674_51753023123_o-768x512.jpg 768w, https:\/\/hautsdefrance-brassband.fr\/wp-content\/uploads\/2022\/02\/img_0674_51753023123_o-450x300.jpg 450w, https:\/\/hautsdefrance-brassband.fr\/wp-content\/uploads\/2022\/02\/img_0674_51753023123_o.jpg 800w\" sizes=\"(max-width: 34.9rem) calc(100vw - 2rem), (max-width: 53rem) calc(8 * (100vw \/ 12)), (min-width: 53rem) calc(6 * (100vw \/ 12)), 100vw\" \/><\/a>\n\t\t\t<\/div><\/figure><figure class='gallery-item'>\n\t\t\t<div class='gallery-icon landscape'>\n\t\t\t\t<a href='https:\/\/hautsdefrance-brassband.fr\/wp-content\/uploads\/2022\/02\/img_0427_51751992957_o.jpg'><img loading=\"lazy\" loading=\"lazy\" decoding=\"async\" width=\"300\" height=\"200\" src=\"https:\/\/hautsdefrance-brassband.fr\/wp-content\/uploads\/2022\/02\/img_0427_51751992957_o-300x200.jpg\" class=\"attachment-medium size-medium\" alt=\"\" srcset=\"https:\/\/hautsdefrance-brassband.fr\/wp-content\/uploads\/2022\/02\/img_0427_51751992957_o-300x200.jpg 300w, https:\/\/hautsdefrance-brassband.fr\/wp-content\/uploads\/2022\/02\/img_0427_51751992957_o-768x512.jpg 768w, https:\/\/hautsdefrance-brassband.fr\/wp-content\/uploads\/2022\/02\/img_0427_51751992957_o-450x300.jpg 450w, https:\/\/hautsdefrance-brassband.fr\/wp-content\/uploads\/2022\/02\/img_0427_51751992957_o.jpg 800w\" sizes=\"(max-width: 34.9rem) calc(100vw - 2rem), (max-width: 53rem) calc(8 * (100vw \/ 12)), (min-width: 53rem) calc(6 * (100vw \/ 12)), 100vw\" \/><\/a>\n\t\t\t<\/div><\/figure><figure class='gallery-item'>\n\t\t\t<div class='gallery-icon landscape'>\n\t\t\t\t<a href='https:\/\/hautsdefrance-brassband.fr\/wp-content\/uploads\/2022\/02\/img_0434_51751992367_o.jpg'><img loading=\"lazy\" loading=\"lazy\" decoding=\"async\" width=\"300\" height=\"200\" src=\"https:\/\/hautsdefrance-brassband.fr\/wp-content\/uploads\/2022\/02\/img_0434_51751992367_o-300x200.jpg\" class=\"attachment-medium size-medium\" alt=\"\" srcset=\"https:\/\/hautsdefrance-brassband.fr\/wp-content\/uploads\/2022\/02\/img_0434_51751992367_o-300x200.jpg 300w, https:\/\/hautsdefrance-brassband.fr\/wp-content\/uploads\/2022\/02\/img_0434_51751992367_o-768x512.jpg 768w, https:\/\/hautsdefrance-brassband.fr\/wp-content\/uploads\/2022\/02\/img_0434_51751992367_o-450x300.jpg 450w, https:\/\/hautsdefrance-brassband.fr\/wp-content\/uploads\/2022\/02\/img_0434_51751992367_o.jpg 800w\" sizes=\"(max-width: 34.9rem) calc(100vw - 2rem), (max-width: 53rem) calc(8 * (100vw \/ 12)), (min-width: 53rem) calc(6 * (100vw \/ 12)), 100vw\" \/><\/a>\n\t\t\t<\/div><\/figure>\n\t\t<\/div>\n\n<p>Luc Vertommen dirige le Hauts-de-France Brass Band (France), le Brass Band de Gand (Belgique) ainsi que le conservatoire de Deurne (Anvers, Belgique). Il est r\u00e9guli\u00e8rement le chef invit\u00e9 des brass bands\u00a0<em>Carlton Main Frickley Colliery Band<\/em>\u00a0(Royaume-Uni) et\u00a0<em>3BA Band<\/em>\u00a0(Allemagne).<\/p>\n<p>Luc a particip\u00e9 \u00e0 l\u2019enregistrement de plus d\u2019une cinquantaine de disques reconnus par la critique et il est le fondateur et directeur artistique des \u00e9ditions musicales\u00a0<em>Band Press VOF<\/em>.\u00a0 Il est r\u00e9guli\u00e8rement invit\u00e9 \u00e0 diriger ou \u00e0 juger des comp\u00e9titions de brass band dans toute l\u2019Europe et a re\u00e7u en 2014 le prix \u00ab\u00a0<em>International Buma Brass Award\u00a0\u00bb<\/em>\u00a0pour son implication dans le mouvement des orchestres \u00e0 vents.<\/p>\n<p>Son int\u00e9r\u00eat particulier pour le patrimoine historique et l\u2019h\u00e9ritage des orchestres \u00e0 vents l\u2019ont amen\u00e9 \u00e0 r\u00e9aliser une s\u00e9rie d\u2019\u00e9crits et d\u2019enregistrements. Pour son\u00a0<em>anthologie de la musique flamande pour orchestre \u00e0 vent (Anthology of Flemish Band Music)<\/em>, Luc Vertommen a re\u00e7u le troph\u00e9e \u00ab\u00a0<em>Fugue\u00a0\u00bb<\/em>\u00a0de l\u2019association des auteurs-compositeurs belges (SABAM) en 2011. Il a notamment permis de red\u00e9couvrir de nombreuses compositions originales de compositeurs belges tels que Paul Gilson, Marcel Poot, Pieter Leemans, Jules Demersseman, Jean-Baptiste Singel\u00e9e, Fran\u00e7ois-Joseph F\u00e9tis et August De Boeck.<\/p>\n<p><a href=\"https:\/\/hautsdefrance-brassband.fr\/wp-content\/uploads\/2022\/02\/img_0872_51753005843_o.jpg\"><img loading=\"lazy\" loading=\"lazy\" decoding=\"async\" class=\"aligncenter wp-image-14997 size-full\" src=\"https:\/\/hautsdefrance-brassband.fr\/wp-content\/uploads\/2022\/02\/img_0872_51753005843_o.jpg\" alt=\"\" width=\"800\" height=\"533\" srcset=\"https:\/\/hautsdefrance-brassband.fr\/wp-content\/uploads\/2022\/02\/img_0872_51753005843_o.jpg 800w, https:\/\/hautsdefrance-brassband.fr\/wp-content\/uploads\/2022\/02\/img_0872_51753005843_o-300x200.jpg 300w, https:\/\/hautsdefrance-brassband.fr\/wp-content\/uploads\/2022\/02\/img_0872_51753005843_o-768x512.jpg 768w, https:\/\/hautsdefrance-brassband.fr\/wp-content\/uploads\/2022\/02\/img_0872_51753005843_o-450x300.jpg 450w\" sizes=\"(max-width: 800px) 100vw, 800px\" \/><\/a><\/p>\n<p>Il termine actuellement un doctorat au Conservatoire de Bruxelles sur la d\u00e9couverte du r\u00e9pertoire original des synth\u00e9tistes pour orchestre d\u2019harmonie.\u00a0En tant qu\u2019arrangeur, ses partitions pour orchestres d\u2019harmonie et pour brass band sont jou\u00e9es de par le monde.<\/p>\n<p>Son engagement pour l\u2019avenir de la pratique musicale se manifeste par des projets artistiques avec de nombreux compositeurs contemporains tels que Philip Sparke, Edward Gregson, Martin Ellerby et John Pickard. Il dirige r\u00e9guli\u00e8rement des cr\u00e9ations mondiales d\u2019\u0153uvres de Rob Goorhuis, Peter Graham, Andr\u00e9 Laporte, Piet Swerts, Philip Sparke, Nigel Clarke, Johan Evenepoel, Pierre-Antoine Savoyat\u00a0et Stan Nieuwenhuis<\/p>\n<\/div><\/div><\/div><\/div>\n\t\t\t\t<\/div>\n\t\t\t\t<\/div>\n\t\t\t\t\t<\/div>\n\t\t<\/div>\n\t\t\t\t\t<\/div>\n\t\t<\/section>\n\t\t\t\t<section class=\"elementor-section elementor-top-section elementor-element elementor-element-67b611f elementor-section-boxed elementor-section-height-default elementor-section-height-default\" data-id=\"67b611f\" data-element_type=\"section\">\n\t\t\t\t\t\t<div class=\"elementor-container elementor-column-gap-default\">\n\t\t\t\t\t<div class=\"elementor-column elementor-col-50 elementor-top-column elementor-element elementor-element-c18a121\" data-id=\"c18a121\" data-element_type=\"column\">\n\t\t\t<div class=\"elementor-widget-wrap elementor-element-populated\">\n\t\t\t\t\t\t<div class=\"elementor-element elementor-element-3ecd281 elementor-widget elementor-widget-heading\" data-id=\"3ecd281\" data-element_type=\"widget\" data-widget_type=\"heading.default\">\n\t\t\t\t<div class=\"elementor-widget-container\">\n\t\t\t<h2 class=\"elementor-heading-title elementor-size-default\">Chef d'orchestre fondateur<\/h2>\t\t<\/div>\n\t\t\t\t<\/div>\n\t\t\t\t<div class=\"elementor-element elementor-element-63a9e58 elementor-widget elementor-widget-shortcode\" data-id=\"63a9e58\" data-element_type=\"widget\" data-widget_type=\"shortcode.default\">\n\t\t\t\t<div class=\"elementor-widget-container\">\n\t\t\t\t\t<div class=\"elementor-shortcode\"><div class=\"display-posts-listing image-top\"><div class=\"listing-item\"><span class=\"image\"><img loading=\"lazy\" decoding=\"async\" width=\"640\" height=\"427\" src=\"https:\/\/hautsdefrance-brassband.fr\/wp-content\/uploads\/2019\/10\/51361C1C-37CE-44EB-B130-A609EC761293.jpeg\" class=\"attachment-large size-large wp-post-image\" alt=\"\" srcset=\"https:\/\/hautsdefrance-brassband.fr\/wp-content\/uploads\/2019\/10\/51361C1C-37CE-44EB-B130-A609EC761293.jpeg 640w, https:\/\/hautsdefrance-brassband.fr\/wp-content\/uploads\/2019\/10\/51361C1C-37CE-44EB-B130-A609EC761293-300x200.jpeg 300w, https:\/\/hautsdefrance-brassband.fr\/wp-content\/uploads\/2019\/10\/51361C1C-37CE-44EB-B130-A609EC761293-450x300.jpeg 450w\" sizes=\"(max-width: 34.9rem) calc(100vw - 2rem), (max-width: 53rem) calc(8 * (100vw \/ 12)), (min-width: 53rem) calc(6 * (100vw \/ 12)), 100vw\" \/><\/span> <span class=\"title\">Philippe Lorthios<\/span><div class=\"content\"><p><a href=\"https:\/\/hautsdefrance-brassband.fr\/wp-content\/uploads\/2018\/03\/PHILIPPE-LORTHIOS.jpg\"><img loading=\"lazy\" loading=\"lazy\" decoding=\"async\" class=\"size-medium wp-image-1384 portrait-musicien alignleft\" src=\"https:\/\/hautsdefrance-brassband.fr\/wp-content\/uploads\/2018\/03\/PHILIPPE-LORTHIOS-213x300.jpg\" alt=\"Portrait de Philippe Lorthios\" width=\"213\" height=\"300\" \/><\/a>Philippe Lorthios est n\u00e9 en 1955 \u00e0 H\u00e9nin-Li\u00e9tard. Il commence ses \u00e9tudes musicales \u00e0 l&rsquo;harmonie de Harnes (62). Il entre ensuite au Conservatoire National de Lille dans la classe de Mr Claude Bourrez et poursuit ses \u00e9tudes au Conservatoire Sup\u00e9rieur de Musique de Paris dans la classe de Ma\u00eetre Pichaureau. Titulaire du Certificat d&rsquo;Aptitude aux fonctions de professeur de trombone, il est nomm\u00e9 professeur de trombone au Conservatoire National de R\u00e9gion d&rsquo;Aix en Provence puis \u00e0 l&rsquo;Ecole Nationale de Musique de Tourcoing en 1980.<\/p>\n<p>Ex-trombone solo de l&rsquo;Op\u00e9ra du Nord, il se produit r\u00e9guli\u00e8rement avec l&rsquo;Orchestre National de Lille.<\/p>\n<p>Nomm\u00e9 directeur de l&rsquo;Orchestre d&rsquo;Harmonie de Tourcoing en 1982, il a assur\u00e9 la direction de l&rsquo;Ecole de musique et de l&rsquo;Harmonie de Lesquin de 1985 \u00e0 1997.<\/p>\n<p>Passionn\u00e9 de Brass Band, il cr\u00e9\u00e9 en 1992 l&rsquo;Ensemble de Cuivres du Nord-Pas-de-Calais, devenu ensuite le Brass Band Nord Pas-de-Calais et qui depuis 2017 s&rsquo;appelle le Hauts-de-France Brass Band.<\/p>\n<p>(<a href=\"https:\/\/hautsdefrance-brassband.fr\/?p=2090\">English Translation<\/a>)<\/p>\n<\/div><\/div><\/div><\/div>\n\t\t\t\t<\/div>\n\t\t\t\t<\/div>\n\t\t\t\t\t<\/div>\n\t\t<\/div>\n\t\t\t\t<div class=\"elementor-column elementor-col-50 elementor-top-column elementor-element elementor-element-89f9dca\" data-id=\"89f9dca\" data-element_type=\"column\" id=\"chefs_invites\" data-settings=\"{&quot;background_background&quot;:&quot;classic&quot;}\">\n\t\t\t<div class=\"elementor-widget-wrap elementor-element-populated\">\n\t\t\t\t\t\t<div class=\"elementor-element elementor-element-c711a4e elementor-widget elementor-widget-heading\" data-id=\"c711a4e\" data-element_type=\"widget\" data-widget_type=\"heading.default\">\n\t\t\t\t<div class=\"elementor-widget-container\">\n\t\t\t<h2 class=\"elementor-heading-title elementor-size-default\">Chefs invit\u00e9s<\/h2>\t\t<\/div>\n\t\t\t\t<\/div>\n\t\t\t\t<div class=\"elementor-element elementor-element-345fdc2 elementor-widget elementor-widget-text-editor\" data-id=\"345fdc2\" data-element_type=\"widget\" data-widget_type=\"text-editor.default\">\n\t\t\t\t<div class=\"elementor-widget-container\">\n\t\t\t\t\t\t\t<p>Au fil de son histoire, notre brass band a eu la chance d&rsquo;accueillir de nombreux chefs invit\u00e9s. En voici une s\u00e9lection non exhaustive :<\/p>\t\t\t\t\t\t<\/div>\n\t\t\t\t<\/div>\n\t\t\t\t<div class=\"elementor-element elementor-element-fc4a300 elementor-widget-divider--view-line elementor-widget elementor-widget-divider\" data-id=\"fc4a300\" data-element_type=\"widget\" data-widget_type=\"divider.default\">\n\t\t\t\t<div class=\"elementor-widget-container\">\n\t\t\t\t\t<div class=\"elementor-divider\">\n\t\t\t<span class=\"elementor-divider-separator\">\n\t\t\t\t\t\t<\/span>\n\t\t<\/div>\n\t\t\t\t<\/div>\n\t\t\t\t<\/div>\n\t\t\t\t<div class=\"elementor-element elementor-element-ec1a12f elementor-widget elementor-widget-shortcode\" data-id=\"ec1a12f\" data-element_type=\"widget\" id=\"russell\" data-widget_type=\"shortcode.default\">\n\t\t\t\t<div class=\"elementor-widget-container\">\n\t\t\t\t\t<div class=\"elementor-shortcode\"><div class=\"display-posts-listing image-left\"><div class=\"listing-item\"><a class=\"image\" href=\"https:\/\/hautsdefrance-brassband.fr\/?p=2116\"><img loading=\"lazy\" decoding=\"async\" width=\"150\" height=\"150\" src=\"https:\/\/hautsdefrance-brassband.fr\/wp-content\/uploads\/2019\/10\/RussellGray001-300x400-150x150.jpg\" class=\"attachment-thumbnail size-thumbnail wp-post-image\" alt=\"\" srcset=\"https:\/\/hautsdefrance-brassband.fr\/wp-content\/uploads\/2019\/10\/RussellGray001-300x400-150x150.jpg 150w, https:\/\/hautsdefrance-brassband.fr\/wp-content\/uploads\/2019\/10\/RussellGray001-300x400-300x300.jpg 300w, https:\/\/hautsdefrance-brassband.fr\/wp-content\/uploads\/2019\/10\/RussellGray001-300x400-100x100.jpg 100w\" sizes=\"(max-width: 34.9rem) calc(100vw - 2rem), (max-width: 53rem) calc(8 * (100vw \/ 12)), (min-width: 53rem) calc(6 * (100vw \/ 12)), 100vw\" \/><\/a> <a class=\"title\" href=\"https:\/\/hautsdefrance-brassband.fr\/?p=2116\">Russell Gray<\/a> <span class=\"excerpt-dash\">-<\/span> <span class=\"excerpt\">Russell Gray a d\u00e9but\u00e9 sa carri\u00e8re en tant que chef d'orchestre en 1998 lorsqu'il fut nomm\u00e9 chef en r\u00e9sidence aupr\u00e8s\u2026 <a class=\"excerpt-more\" href=\"https:\/\/hautsdefrance-brassband.fr\/?p=2116\">&nbsp;&nbsp;Lire la suite<\/a><\/span><\/div><\/div><\/div>\n\t\t\t\t<\/div>\n\t\t\t\t<\/div>\n\t\t\t\t<div class=\"elementor-element elementor-element-2cb7f4e elementor-widget-divider--view-line elementor-widget elementor-widget-divider\" data-id=\"2cb7f4e\" data-element_type=\"widget\" data-widget_type=\"divider.default\">\n\t\t\t\t<div class=\"elementor-widget-container\">\n\t\t\t\t\t<div class=\"elementor-divider\">\n\t\t\t<span class=\"elementor-divider-separator\">\n\t\t\t\t\t\t<\/span>\n\t\t<\/div>\n\t\t\t\t<\/div>\n\t\t\t\t<\/div>\n\t\t\t\t<div class=\"elementor-element elementor-element-1f8f110 elementor-widget elementor-widget-shortcode\" data-id=\"1f8f110\" data-element_type=\"widget\" id=\"frank\" data-widget_type=\"shortcode.default\">\n\t\t\t\t<div class=\"elementor-widget-container\">\n\t\t\t\t\t<div class=\"elementor-shortcode\"><div class=\"display-posts-listing image-left\"><div class=\"listing-item\"><a class=\"image\" href=\"https:\/\/hautsdefrance-brassband.fr\/?p=2119\"><img loading=\"lazy\" decoding=\"async\" width=\"150\" height=\"150\" src=\"https:\/\/hautsdefrance-brassband.fr\/wp-content\/uploads\/2019\/10\/Frank-Renton-150x150.jpg\" class=\"attachment-thumbnail size-thumbnail wp-post-image\" alt=\"\" srcset=\"https:\/\/hautsdefrance-brassband.fr\/wp-content\/uploads\/2019\/10\/Frank-Renton-150x150.jpg 150w, https:\/\/hautsdefrance-brassband.fr\/wp-content\/uploads\/2019\/10\/Frank-Renton-300x300.jpg 300w, https:\/\/hautsdefrance-brassband.fr\/wp-content\/uploads\/2019\/10\/Frank-Renton-100x100.jpg 100w\" sizes=\"(max-width: 34.9rem) calc(100vw - 2rem), (max-width: 53rem) calc(8 * (100vw \/ 12)), (min-width: 53rem) calc(6 * (100vw \/ 12)), 100vw\" \/><\/a> <a class=\"title\" href=\"https:\/\/hautsdefrance-brassband.fr\/?p=2119\">Frank Renton<\/a> <span class=\"excerpt-dash\">-<\/span> <span class=\"excerpt\">Frank Renton est un musicien Anglais, chef d'orchestre et fondateur et pr\u00e9sentateur vedette de l'\u00e9mission hebdomadaire de la BBC, Listen\u2026 <a class=\"excerpt-more\" href=\"https:\/\/hautsdefrance-brassband.fr\/?p=2119\">&nbsp;&nbsp;Lire la suite<\/a><\/span><\/div><\/div><\/div>\n\t\t\t\t<\/div>\n\t\t\t\t<\/div>\n\t\t\t\t\t<\/div>\n\t\t<\/div>\n\t\t\t\t\t<\/div>\n\t\t<\/section>\n\t\t\t\t<\/div>\n\t\t","protected":false},"excerpt":{"rendered":"<p>Direction Musicale Chef d&rsquo;orchestre fondateur Chefs invit\u00e9s Au fil de son histoire, notre brass band a eu la chance d&rsquo;accueillir de nombreux chefs invit\u00e9s. En voici une s\u00e9lection non exhaustive [&hellip;]<\/p>\n","protected":false},"author":1,"featured_media":1384,"parent":38,"menu_order":0,"comment_status":"open","ping_status":"open","template":"elementor_header_footer","meta":{"footnotes":""},"class_list":["post-368","page","type-page","status-publish","has-post-thumbnail","hentry","entry"],"jetpack_sharing_enabled":true,"_links":{"self":[{"href":"https:\/\/hautsdefrance-brassband.fr\/index.php?rest_route=\/wp\/v2\/pages\/368"}],"collection":[{"href":"https:\/\/hautsdefrance-brassband.fr\/index.php?rest_route=\/wp\/v2\/pages"}],"about":[{"href":"https:\/\/hautsdefrance-brassband.fr\/index.php?rest_route=\/wp\/v2\/types\/page"}],"author":[{"embeddable":true,"href":"https:\/\/hautsdefrance-brassband.fr\/index.php?rest_route=\/wp\/v2\/users\/1"}],"replies":[{"embeddable":true,"href":"https:\/\/hautsdefrance-brassband.fr\/index.php?rest_route=%2Fwp%2Fv2%2Fcomments&post=368"}],"version-history":[{"count":41,"href":"https:\/\/hautsdefrance-brassband.fr\/index.php?rest_route=\/wp\/v2\/pages\/368\/revisions"}],"predecessor-version":[{"id":3219,"href":"https:\/\/hautsdefrance-brassband.fr\/index.php?rest_route=\/wp\/v2\/pages\/368\/revisions\/3219"}],"up":[{"embeddable":true,"href":"https:\/\/hautsdefrance-brassband.fr\/index.php?rest_route=\/wp\/v2\/pages\/38"}],"wp:featuredmedia":[{"embeddable":true,"href":"https:\/\/hautsdefrance-brassband.fr\/index.php?rest_route=\/wp\/v2\/media\/1384"}],"wp:attachment":[{"href":"https:\/\/hautsdefrance-brassband.fr\/index.php?rest_route=%2Fwp%2Fv2%2Fmedia&parent=368"}],"curies":[{"name":"wp","href":"https:\/\/api.w.org\/{rel}","templated":true}]}}